{"id":1271,"date":"2014-11-30T21:45:14","date_gmt":"2014-12-01T02:45:14","guid":{"rendered":"https:\/\/tangueria.org\/?page_id=1271"},"modified":"2026-04-08T15:44:27","modified_gmt":"2026-04-08T15:44:27","slug":"accueil-2","status":"publish","type":"page","link":"https:\/\/tangueria.org\/","title":{"rendered":"Accueil"},"content":{"rendered":"\n<p class=\"has-text-align-center\"><strong>POUR NOUS REJOINDRE PAR COURRIEL <br>fervor@live.ca \/ laurademontreal@live.fr<br>T\u00c9L\u00c9PHONE : 514 495-8645<\/strong><\/p>\n\n\n<div class=\"wp-block-image\">\n<figure class=\"aligncenter size-large\"><a href=\"https:\/\/tangueria.org\/wp-content\/uploads\/2026\/03\/IMG_8635.png\"><img loading=\"lazy\" decoding=\"async\" width=\"1024\" height=\"1024\" src=\"https:\/\/tangueria.org\/wp-content\/uploads\/2026\/03\/IMG_8635-1024x1024.png\" alt=\"\" class=\"wp-image-4707\" srcset=\"https:\/\/tangueria.org\/wp-content\/uploads\/2026\/03\/IMG_8635-1024x1024.png 1024w, https:\/\/tangueria.org\/wp-content\/uploads\/2026\/03\/IMG_8635-300x300.png 300w, https:\/\/tangueria.org\/wp-content\/uploads\/2026\/03\/IMG_8635-150x150.png 150w, https:\/\/tangueria.org\/wp-content\/uploads\/2026\/03\/IMG_8635-768x768.png 768w, https:\/\/tangueria.org\/wp-content\/uploads\/2026\/03\/IMG_8635-960x960.png 960w, https:\/\/tangueria.org\/wp-content\/uploads\/2026\/03\/IMG_8635.png 1080w\" sizes=\"auto, (max-width: 1024px) 100vw, 1024px\" \/><\/a><\/figure>\n<\/div>\n\n<div class=\"wp-block-image\">\n<figure class=\"aligncenter size-large\"><a href=\"https:\/\/tangueria.org\/wp-content\/uploads\/2026\/04\/IMG_8666.png\"><img loading=\"lazy\" decoding=\"async\" width=\"1024\" height=\"1024\" src=\"https:\/\/tangueria.org\/wp-content\/uploads\/2026\/04\/IMG_8666-1024x1024.png\" alt=\"\" class=\"wp-image-4722\" srcset=\"https:\/\/tangueria.org\/wp-content\/uploads\/2026\/04\/IMG_8666-1024x1024.png 1024w, https:\/\/tangueria.org\/wp-content\/uploads\/2026\/04\/IMG_8666-300x300.png 300w, https:\/\/tangueria.org\/wp-content\/uploads\/2026\/04\/IMG_8666-150x150.png 150w, https:\/\/tangueria.org\/wp-content\/uploads\/2026\/04\/IMG_8666-768x768.png 768w, https:\/\/tangueria.org\/wp-content\/uploads\/2026\/04\/IMG_8666-960x960.png 960w, https:\/\/tangueria.org\/wp-content\/uploads\/2026\/04\/IMG_8666.png 1500w\" sizes=\"auto, (max-width: 1024px) 100vw, 1024px\" \/><\/a><\/figure>\n<\/div>\n\n\n\n<div class=\"wp-block-image\">\n<figure class=\"aligncenter size-large\"><a href=\"https:\/\/tangueria.org\/wp-content\/uploads\/2026\/04\/IMG_8798.png\"><img loading=\"lazy\" decoding=\"async\" width=\"819\" height=\"1024\" src=\"https:\/\/tangueria.org\/wp-content\/uploads\/2026\/04\/IMG_8798-819x1024.png\" alt=\"\" class=\"wp-image-4729\" srcset=\"https:\/\/tangueria.org\/wp-content\/uploads\/2026\/04\/IMG_8798-819x1024.png 819w, https:\/\/tangueria.org\/wp-content\/uploads\/2026\/04\/IMG_8798-768x960.png 768w, https:\/\/tangueria.org\/wp-content\/uploads\/2026\/04\/IMG_8798-960x1200.png 960w, https:\/\/tangueria.org\/wp-content\/uploads\/2026\/04\/IMG_8798.png 1080w\" sizes=\"auto, (max-width: 819px) 100vw, 819px\" \/><\/a><\/figure>\n<\/div>\n\n<div class=\"wp-block-image\">\n<figure class=\"aligncenter size-large\"><a href=\"https:\/\/tangueria.org\/wp-content\/uploads\/2026\/04\/IMG_8790.png\"><img loading=\"lazy\" decoding=\"async\" width=\"663\" height=\"1024\" src=\"https:\/\/tangueria.org\/wp-content\/uploads\/2026\/04\/IMG_8790-663x1024.png\" alt=\"\" class=\"wp-image-4725\" srcset=\"https:\/\/tangueria.org\/wp-content\/uploads\/2026\/04\/IMG_8790-663x1024.png 663w, https:\/\/tangueria.org\/wp-content\/uploads\/2026\/04\/IMG_8790-768x1187.png 768w, https:\/\/tangueria.org\/wp-content\/uploads\/2026\/04\/IMG_8790-994x1536.png 994w, https:\/\/tangueria.org\/wp-content\/uploads\/2026\/04\/IMG_8790-960x1484.png 960w, https:\/\/tangueria.org\/wp-content\/uploads\/2026\/04\/IMG_8790.png 1294w\" sizes=\"auto, (max-width: 663px) 100vw, 663px\" \/><\/a><\/figure>\n<\/div>\n\n\n<figure class=\"wp-block-image size-large\"><a href=\"https:\/\/tangueria.org\/wp-content\/uploads\/2025\/12\/IMG_8071-1.png\"><img loading=\"lazy\" decoding=\"async\" width=\"819\" height=\"1024\" src=\"https:\/\/tangueria.org\/wp-content\/uploads\/2025\/12\/IMG_8071-1-819x1024.png\" alt=\"\" class=\"wp-image-4659\" srcset=\"https:\/\/tangueria.org\/wp-content\/uploads\/2025\/12\/IMG_8071-1-819x1024.png 819w, https:\/\/tangueria.org\/wp-content\/uploads\/2025\/12\/IMG_8071-1-768x960.png 768w, https:\/\/tangueria.org\/wp-content\/uploads\/2025\/12\/IMG_8071-1-960x1200.png 960w, https:\/\/tangueria.org\/wp-content\/uploads\/2025\/12\/IMG_8071-1.png 1080w\" sizes=\"auto, (max-width: 819px) 100vw, 819px\" \/><\/a><\/figure>\n\n\n\n<p class=\"has-text-align-center\"><strong>UNE ANALYSE SUR LE TANGO \u00c0 MONTR\u00c9AL<\/strong><\/p>\n\n\n\n<p class=\"has-text-align-center\">DE LA BOH\u00c8ME \u00c0 LA MARCHANDISATION DU TANGO<br>T\u00e9moignage historique, r\u00e9flexion collective et propositions \u00e9coresponsables<\/p>\n\n\n\n<p class=\"has-text-align-center\"><em>Communication de Paul Monpetit, juin 2024, <\/em><em>avec la complicit\u00e9 de Sylvie Gravel<\/em><\/p>\n\n\n\n<p>Apr\u00e8s plus de 35 ans dans le monde du tango d\u2019ici et d\u2019ailleurs, je pense qu\u2019il est temps<br>de faire une r\u00e9flexion, c\u2019est-\u00e0-dire d\u2019apporter une contribution \u00e0 l\u2019\u00e9tat des lieux de notre monde du tango. J\u2019entame la derni\u00e8re partie de ma vie et pour moi, il est bon de revoir, d\u2019analyser et de comprendre l\u2019environnement local et \u00e0 la fois global dans lequel j\u2019\u0153uvre. J\u2019ai le go\u00fbt de partager mes id\u00e9es avec celles et ceux qui aiment le tango argentin, le jouent, le dansent, l\u2019apprennent, l\u2019improvisent.<\/p>\n\n\n\n<p>J\u2019estime avoir un poste d\u2019observation privil\u00e9gi\u00e9 sur l\u2019\u00e9volution du tango \u00e0 Montr\u00e9al.<br>J\u2019\u00e9tais l\u00e0 pratiquement au d\u00e9but et j\u2019y suis encore pr\u00e9sent aujourd\u2019hui comme danseur, professeur, D.J. et organisateur d\u2019\u00e9v\u00e9nements. Laura Steinmander et moi sommes les \u00ab moteurs \u00bb de <em>La Tangueria,<\/em> un endroit pr\u00e9cieux o\u00f9, nous et les complices de <em>La Tangueria<\/em> pouvons vivre notre philosophie de vie collective bas\u00e9e sur la solidarit\u00e9, l\u2019\u00e9galit\u00e9 et l\u2019horizontalit\u00e9 de nos rapports humains. Nous nous consid\u00e9rons comme des vis-\u00e0-vis semblables pr\u00e9cis\u00e9ment dans le monde des \u00ab experts du tango \u00bb.&nbsp; Nous exp\u00e9rimentons notre tango montr\u00e9alais toutes les semaines \u00e0 <em>La Tangueria<\/em>, et cela depuis plus de 30 ans. <em>La Tangueria<\/em> prot\u00e8ge les racines populaires du tango en contact avec toutes les classes sociales, avec empathie, sans fronti\u00e8res culturelles.<\/p>\n\n\n\n<p><em>La Tangueria<\/em> de Montr\u00e9al a toujours \u00e9t\u00e9 un lieu o\u00f9 la structure des relations sociales est horizontale, avec nos valeurs sociales bas\u00e9es sur l\u2019\u00e9galit\u00e9 et le respect de la diff\u00e9rence entre les uns et les autres, entre les unes et les autres. Ce contrepied du mod\u00e8le hi\u00e9rarchique traditionnel nous guide depuis le d\u00e9but. Par notre histoire et encore aujourd\u2019hui, nous avons d\u00e9montr\u00e9 ces valeurs fondamentales que nous prot\u00e9geons avec nos c\u0153urs. Nous avons saisi plusieurs occasions pour brandir le choix de nos valeurs. Par exemple, nous nous sommes mobilis\u00e9s \u00e0 trois reprises pour r\u00e9aliser <strong>La journ\u00e9e du tango contre le racisme<\/strong>, dont la 1<sup>e<\/sup> \u00e9dition a eu lieu au Chalet de la montagne de Montr\u00e9al le<br>8 septembre 2001, deux jours avant le 11 septembre\u2026 Nous avons rassembl\u00e9 des milliers de personnes avec un message \u00e9galitaire et unitaire contre le racisme sous toutes ses formes (https:\/\/www.ledevoir.com\/societe\/8612\/tango-pour-une-bonne-cause).<\/p>\n\n\n\n<p>Le 2 juillet 1984, j\u2019ai assist\u00e9 \u00e0 un spectacle qui a chang\u00e9 la trajectoire de ma vie. C\u2019\u00e9tait au <em>Spectrum<\/em>, cette salle mythique o\u00f9 c\u2019\u00e9tait rassembl\u00e9 une foule compacte, principalement form\u00e9e de Latino-am\u00e9ricains, venue pour voir et \u00e9couter sur sc\u00e8ne Astor Piazzolla et son <em>Quinteto<\/em>, au violon Fernando Paz et au piano Pablo Ziegler. La foule a \u00e9t\u00e9 foudroy\u00e9e par la beaut\u00e9 de cette musique. J\u2019ai \u00e9t\u00e9 foudroy\u00e9. J\u2019ai alors commenc\u00e9 \u00e0 danser quelques ann\u00e9es plus tard au <em>Quai des Brumes<\/em>, un lieu d\u2019expression po\u00e9tique qui a ouvert ses portes en 1985, \u00e0 l\u2019\u00e9poque o\u00f9 le Plateau Mont-Royal \u00e9tait ouvrier. La boh\u00e8me le dimanche soir\u2026 C\u2019\u00e9tait les balbutiements du tango \u00e0 Montr\u00e9al. Il y avait aussi Lily Palmer et Antonio Perea les dimanches en soir\u00e9e sur le boulevard Saint-Laurent. Pratiquement<br>d\u00e8s le d\u00e9but, il y a eu de la comp\u00e9tition entre des groupes de tango.&nbsp;<\/p>\n\n\n\n<p>Au Quai des brumes, c\u2019\u00e9tait le <em>Cercle tango<\/em>, un groupe qui y organisait la soir\u00e9e, un genre de collectif, avec Pierre Monette (\u00e9crivain animateur pendant plusieurs ann\u00e9es d\u2019une \u00e9mission de tango \u00e0 la radio CIBL) et Denis Beauchamp (ancien \u00e9chevin de la Ville de Montr\u00e9al sous Jean Dor\u00e9) en faisait aussi partie. \u00c0 cette \u00e9poque la majorit\u00e9 des gens qui dansait le tango \u00e9tait des marginaux de la soci\u00e9t\u00e9, des gens dans le monde des arts et des artistes&#8230;&nbsp;<\/p>\n\n\n\n<p>C\u2019est dans les ann\u00e9es 1990 qu\u2019il y a eu le d\u00e9clic pour le tango argentin o\u00f9 soudainement ce tango s\u2019est \u00e9largi avec un bassin de gens qui voulaient apprendre \u00e0 le danser. L\u2019\u00e9poque des \u00e9coles s\u2019est d\u00e9ploy\u00e9e. Il y a eu une expansion ph\u00e9nom\u00e9nale du tango argentin autant \u00e0 Montr\u00e9al que sur la plan\u00e8te. Ce qui a rapidement amen\u00e9 aux voyages \u00e0 la mecque du tango, Buenos Aires, o\u00f9 s\u2019y rendre est devenu un \u00ab must \u00bb pour s\u2019engager s\u00e9rieusement dans le tango. Les souliers, les v\u00eatements, les croisi\u00e8res tango, les voyages organis\u00e9s pour des cours \u00e0 l\u2019\u00e9tranger et le summum, <em>le<\/em> <em>Mondial du tango \u00e0 Buenos Aires<\/em>. On peut dire que ce summum est \u00e9galement le summum de la marchandisation du tango, je veux dire sa commercialisation, parfois sa mercantilisation, \u00e0 travers la multiplication des \u00e9v\u00e9nements mondiaux et r\u00e9gionaux.&nbsp;<\/p>\n\n\n\n<p>Une des premi\u00e8res expressions de cette marchandisation date du d\u00e9but des ann\u00e9es 90 par la cr\u00e9ation, aux \u00c9tats-Unis, de la compagnie <em>Bridge to the Tango<\/em>, de Daniel Trenner.<br>J\u2019ai organis\u00e9 plusieurs \u00e9v\u00e9nements \u00e0 Montr\u00e9al avec Daniel Trenner. J\u2019ai assist\u00e9 aux premi\u00e8res actions de la marchandisation de cette danse populaire. <em>Bridge to the Tango<\/em><br>et les activit\u00e9s qu\u2019elle organisait sont les principaux outils encore utilis\u00e9s aujourd\u2019hui<br>par les tenants de cette philosophie de vie. Des voyages de groupe \u00e0 Buenos Aires, l\u2019organisation de festivals internationaux, une production de vid\u00e9os sans limites, de listes de musique pr\u00e9enregistr\u00e9es pour devenir D.J. en trois classes avec les ma\u00eetres du tango<br>de l\u2019\u00e9poque, etc.&nbsp;<\/p>\n\n\n\n<p>On peut comprendre qu\u2019un Yankee a aid\u00e9 \u00e9norm\u00e9ment \u00e0 faire conna\u00eetre le tango partout aux \u00c9tats-Unis par la venue des ma\u00eetres du tango, des voyages \u00e0 Buenos Aires, des vid\u00e9os des ma\u00eetres produits et diffus\u00e9s partout aux \u00c9tats-Unis, en Europe, etc. De plus, la globalisation avec l\u2019av\u00e8nement de l\u2019Internet \u00e0 la fin des ann\u00e9es 90 a permis une consommation exponentielle des produits d\u00e9riv\u00e9s du tango argentin. La marchandisation a rendu possible la diffusion du tango argentin sur toute la plan\u00e8te. Toutefois, dans la mire des tangueros argentins, on peut comprendre facilement l\u2019existence paradoxale d\u2019un sentiment positif, mais aussi n\u00e9gatif par rapport au \u00ab&nbsp;Yankee&nbsp;\u00bb Daniel Trenner. Car dans ces ann\u00e9es-l\u00e0, la principale tendance \u00e0 Buenos Aires \u00e9tait le rejet du \u00ab Yankee \u00bb qui vient exploiter et piller la culture argentine. Pourrait-on dire voil\u00e0 un travers de l\u2019appropriation culturelle, d\u2019une hybridation contraire \u00e0 l\u2019identit\u00e9 nationale argentine ? La r\u00e9ponse des Argentins n\u2019a pas tard\u00e9, rapidement des organisateurs locaux de Buenos Aires ont pris la place du \u00ab Yankee \u00bb.&nbsp;<\/p>\n\n\n\n<p>La crise socio-\u00e9conomique au d\u00e9but de l\u2019an 2000 en Argentine et la d\u00e9mission du pr\u00e9sident Fernando&nbsp;de la R\u00faa ont ouvert une nouvelle \u00e9poque sans pr\u00e9c\u00e9dent, c\u2018est-\u00e0-dire une crise \u00e9conomique et sociale profonde, de laquelle la soci\u00e9t\u00e9 argentine ne s\u2019est jamais remise. Selon ma compr\u00e9hension, la marchandisation du tango a explos\u00e9 justement aux d\u00e9buts de cette crise en Argentine&nbsp;: son expression la plus vibrante aujourd\u2019hui transparait dans ce qu\u2019est devenu <em>Le Mondial du tango de Buenos Aires. <\/em>Alors qu\u2019en est-il vraiment aujourd\u2019hui de la fascination pour la danse populaire qu\u2019est le tango argentin ? \u00c0 l\u2019origine, ce fut une cr\u00e9ation urbaine des pauvres assez \u00e9loign\u00e9e de la d\u00e9fense des vertus bourgeoises. Depuis, le tango argentin a \u00e9t\u00e9 emport\u00e9 dans la s\u00e9duction tourn\u00e9e vers les classes moyennes et bien nanties et vers le monde des arts \u00e9litiste. Si le tango argentin est la danse du peuple, s\u2019il est l\u2019\u00e2me de l\u2019histoire du peuple, comment veut-on le vivre ici aujourd\u2019hui, malgr\u00e9 son contexte de marchandisation ?<\/p>\n\n\n\n<p>La marchandisation est pr\u00e9sente dans tous les secteurs de nos activit\u00e9s humaines. L\u2019augmentation exponentielle de l\u2019empreinte carbone est g\u00e9n\u00e9r\u00e9e par nos modes de vie actuels. Entre autres, il y a les voyages \u00e0 Buenos Aires, les festivals partout sur la plan\u00e8te, les croisades de tango, les marathons\u2026 On voit le verticalisme des r\u00f4les rejoindre l\u2019\u00e9litisme du milieu du tango afin de tirer des avantages p\u00e9cuniaires pour cr\u00e9er des \u00e9v\u00e9nements qui ont comme r\u00e9sultat de hi\u00e9rarchiser les \u00e9chelons atteints dans un contexte de performance comp\u00e9titive. Que pensons-nous de ces comp\u00e9titions mondiales de tango argentin ? Les portes tournantes des codes et des styles \u00ab&nbsp;payants&nbsp;\u00bb en viennent finalement \u00e0 \u00ab normer \u00bb le tango, entra\u00eenant une perte de son sens premier&nbsp;: marcher ensemble.&nbsp;<\/p>\n\n\n\n<p>La surutilisation du transport a\u00e9rien dans le cas de \u00ab l\u2019empreinte carbone tango \u00bb est propuls\u00e9e par nos d\u00e9sirs et nos besoins tant individuels que collectifs avec nos groupes montr\u00e9alais de tango. On virevolte sans trop porter attention aux gestes qui pourraient \u00eatre pos\u00e9s pour reprendre un contr\u00f4le, si modeste soit-il, face au r\u00e9chauffement climatique. Comment ne pas rester fig\u00e9 dans nos habitudes d\u2019organisation et amorcer la diminution de \u00ab l\u2019empreinte carbone tango \u00bb \u00e0 travers les tendances actuelles de divertissements sociaux et touristiques ?<\/p>\n\n\n\n<p>La hi\u00e9rarchisation du tango est un reflet d\u2019enjeux socio-\u00e9conomiques o\u00f9 dominent la performance, le m\u00e9rite et l\u2019\u00e9litisme. Les tendances actuelles de la danse pendant les milongas montr\u00e9alaises d\u00e9montrent qu\u2019on danse entre&nbsp;\u00ab bons danseurs&nbsp;\u00bb et que les professeurs privil\u00e9gient de danser avec les \u00ab bons danseurs \u00bb. Ainsi, les autres en marge de la performance sont laiss\u00e9s pour compte et finissent par \u00e9prouver un ressenti d\u00e9solant, un malaise qui contrecarre l\u2019imp\u00e9ratif socioculturel et socioaffectif du tango argentin. Pour tenter de d\u00e9jouer ce malaise, que les professeurs pr\u00eachent par l\u2019exemple en dansant avec leurs \u00e9l\u00e8ves. De m\u00eame que les bons danseurs, au lieu de toujours danser entre eux-m\u00eames, devraient plut\u00f4t se m\u00e9langer avec l\u2019ensemble&nbsp;et ainsi transformer l\u2019atmosph\u00e8re de la piste de danse. Cette posture d\u2019ouverture doit venir des professeurs, dans leur fa\u00e7on de fabriquer la culture du tango argentin qui enjambe le temps et les fronti\u00e8res conventionnelles.<\/p>\n\n\n\n<p>La marchandisation nourrit les \u00e9lites du tango et vice versa. Ce sont les deux c\u00f4t\u00e9s de la m\u00eame m\u00e9daille. Les gens qui ont des moyens financiers ou d\u2019autres qui investissent une large part de leurs argents dans le tango pour se payer les meilleurs professeurs ou des voyages \u00e0 Buenos Aires contribuent \u00e0 cr\u00e9er des \u00e9chelons. Il y a aussi un ph\u00e9nom\u00e8ne sociologique qui s\u2019ajoute et complique la situation. Il y a des gens qui se transforment sur la piste de danse en personnage happ\u00e9 dans la fantaisie d\u2019un r\u00f4le qu\u2019ils sont incapables de retrouver dans l\u2019anonymat de leur vie quotidienne. Devenir important, \u00eatre le meilleur, etc\u2026 La comp\u00e9tition\u2026 Autrement dit, on s\u2019isole de fa\u00e7on \u00e9gocentrique dans un faire-valoir d\u00e9tourn\u00e9 des racines populaires de la culture du tango argentin.<\/p>\n\n\n\n<p>Plusieurs t\u00e9moignent du fait que la solidarit\u00e9 dans la danse du tango argentin repr\u00e9sente tout un d\u00e9fi. M\u00eame que dans certains lieux, ne danse pas qui veut. Pourquoi certaines personnes ne sont-elles pas \u00e0 l\u2019aise dans un lieu de danse ou un autre ? Il semble difficile de comprendre ce qui ne va pas, du moins de prendre un pas de recul pour y r\u00e9fl\u00e9chir.<br>Est-ce la musique ? Le niveau de la danse ? Le poids croissant de l\u2019embourgeoisement li\u00e9 \u00e0 la vogue contemporaine du tango ?&nbsp; \u00c0 l\u2019inverse, comment sait-on exactement ce qui pla\u00eet, ce qui convient ? Pour moi, je pense que le fait de se sentir bien dans une milonga est beaucoup li\u00e9 \u00e0 l\u2019atmosph\u00e8re que nous construisons \u00e0 chaque milonga, o\u00f9 tout le monde pr\u00e9sent danse ensemble y compris les professeurs avec leurs \u00e9l\u00e8ves.<\/p>\n\n\n\n<p>\u00c0 Montr\u00e9al, pour le temps qu\u2019il me reste, j\u2019ai envie d\u2019ajouter un minimum de gestes \u00e9coresponsables dans l\u2019univers du tango argentin. Car rien de concret en termes de responsabilisation collective n\u2019existe en ce sens parmi les collectifs montr\u00e9alais de tango. C\u2019est d\u2019autant plus triste d\u2019\u00eatre dans ce statu quo, quand on sait ce que l\u2019Argentine vit actuellement.&nbsp;<\/p>\n\n\n\n<p>Quelles sont les choses \u00e0 faire pour am\u00e9liorer la situation du milieu tango ?&nbsp; Bien s\u00fbr,<br>nous ne pouvons pas changer d\u2019un coup les probl\u00e8mes socio-\u00e9conomiques et environnementaux de la soci\u00e9t\u00e9, mais j\u2019ose esp\u00e9rer qu\u2019un geste d\u2019ouverture puisse faire<br>la diff\u00e9rence pour ce qui compte dans nos conditions humaines du XXI<sup>e <\/sup>si\u00e8cle.&nbsp;<\/p>\n\n\n\n<p>Voici quelques id\u00e9es de pistes&nbsp;:<\/p>\n\n\n\n<ul class=\"wp-block-list\">\n<li>L\u2019invitation <strong><em>Oser des choix \u00e9coresponsables, un virage n\u00e9cessaire dans le milieu du tango \u00e0 Montr\u00e9al<\/em><\/strong> pour lancer un d\u00e9bat ouvert est un bon d\u00e9but. Je propose une premi\u00e8re discussion sous la forme d\u2019un forum ouvert \u00e0 Montr\u00e9al qui aura lieu en marge du Marathon de la F\u00eate nationale le dimanche 23 juin 2024, de 12 h \u00e0\u2026 Le forum sera de 17 h \u00e0 19 h, au rez-de-chauss\u00e9e du Club espagnol du Qu\u00e9bec, 4388 boul. Saint-Laurent.<\/li>\n<\/ul>\n\n\n\n<ul class=\"wp-block-list\">\n<li>Je propose ce th\u00e8me&nbsp;: <strong>que pouvons-nous faire pour am\u00e9liorer notre milieu montr\u00e9alais de tango ? <\/strong>\u00c9videmment les gens sur place peuvent d\u00e9cider d\u2019aborder d\u2019autres \u00e9l\u00e9ments, c\u2019est le propre d&#8217;un forum.&nbsp;<\/li>\n<\/ul>\n\n\n\n<ul class=\"wp-block-list\">\n<li>Pour les d\u00e9placements continentaux et internationaux li\u00e9s au tango, il devrait y avoir un co\u00fbt suppl\u00e9mentaire, par exemple proposer une taxe ou une charge ajout\u00e9e pour ce choix. Lors d\u2019\u00e9v\u00e9nements grand public payants et organis\u00e9s par<br><em>La Tangueria<\/em> ou un autre collectif de tango, on contribuerait \u00e0 la hauteur de 10 % des profits acquis pour offrir ce 10 % avec ce type de sc\u00e9narios&nbsp;:<\/li>\n<\/ul>\n\n\n\n<ul class=\"wp-block-list\">\n<li>\u00c0 une association humanitaire ou un OSBL en Argentine qui s\u2019engagent \u00e0 relever les d\u00e9fis face aux changements climatiques tout en sensibilisant, entre autres, les compagnies de p\u00e9troles.<\/li>\n<\/ul>\n\n\n\n<ul class=\"wp-block-list\">\n<li>\u00c0 une association humanitaire ou un OSBL en Argentine qui combat la faim, la malnutrition et la d\u00e9tresse des milliers de personnes sans-abri de la capitale Buenos Aires (https:\/\/www.pressegauche.org\/Argentine-Faim-et-malnutrition-dans-un-grenier-du-monde-agro-exportateur).<\/li>\n<\/ul>\n\n\n\n<ul class=\"wp-block-list\">\n<li>\u00c0 une association ou un OSBL du Qu\u00e9bec ayant les m\u00eames objectifs de relever les d\u00e9fis face aux changements climatiques tout en sensibilisant, entre autres, les compagnies de p\u00e9troles et les compagnies de d\u00e9placements a\u00e9riens et maritimes.<\/li>\n<\/ul>\n\n\n\n<ul class=\"wp-block-list\">\n<li>Les \u00e9coles de tango de Montr\u00e9al peuvent travailler ensemble pour faire venir des professeurs pour une tourn\u00e9e g\u00e9n\u00e9rale (Time sharing) et donc limiter l\u2019utilisation de du transport a\u00e9rien.<\/li>\n<\/ul>\n\n\n\n<ul class=\"wp-block-list\">\n<li>Pour organiser la venue d\u2019Argentine de diff\u00e9rentes personnes provenant du milieu de la danse et des arts argentins, <em>La Tangueria<\/em> propose de le faire conjointement avec au moins une autre \u00e9cole de tango de Montr\u00e9al.&nbsp;<\/li>\n<\/ul>\n\n\n\n<p>Ce ne sont pas des propositions visant \u00e0 s\u2019accorder une bonne conscience. Il s\u2019agit plut\u00f4t d\u2019apprendre \u00e0 op\u00e9rer des changements dans nos habitudes d\u2019activit\u00e9s individuelles et collectives de tango. \u00c0 court terme, des d\u00e9cisions peuvent \u00eatre d\u00e9stabilisantes, mais avec le temps elles vont prouver que cela en valait la peine. Le monde plan\u00e9taire a chang\u00e9. Pourquoi et comment se responsabiliser davantage avec nos projets et nos choix collectifs dans le monde du tango montr\u00e9alais ?&nbsp; Par exemple, quand un festival s\u2019organise \u00e0 Montr\u00e9al, et que prendre l\u2019avion en est une r\u00e9alit\u00e9 incontournable, la solidarit\u00e9 des \u00e9coles montr\u00e9alaises de tango contribuerait \u00e0 combattre la surconsommation des \u00e9nergies fossiles par l\u2019offre d\u2019un soutien financier \u00e0 un groupe social engag\u00e9 dans ce mouvement de sensibilisation de l\u2019heure.&nbsp;<\/p>\n\n\n\n<p><strong>L\u2019inaction n\u2019est pas une option !<\/strong>&nbsp;<\/p>\n\n\n\n<p>Aidons l\u2019\u00e9coresponsabilisation du milieu du tango montr\u00e9alais, si modeste soit-elle. Un proverbe japonais dit que m\u00eame un chemin de mille lieues commence par un pas\u2026<\/p>\n\n\n\n<h2 class=\"wp-block-heading has-text-align-center\"><br><\/h2>\n\n\n\n\n<div class=\"wp-block-image\">\n<figure class=\"aligncenter size-large is-resized\"><a href=\"https:\/\/tangueria.org\/wp-content\/uploads\/2024\/10\/wichi.jpeg\"><img loading=\"lazy\" decoding=\"async\" width=\"827\" height=\"1024\" src=\"https:\/\/tangueria.org\/wp-content\/uploads\/2024\/10\/wichi-827x1024.jpeg\" alt=\"\" class=\"wp-image-4319\" style=\"width:840px;height:auto\" srcset=\"https:\/\/tangueria.org\/wp-content\/uploads\/2024\/10\/wichi-827x1024.jpeg 827w, https:\/\/tangueria.org\/wp-content\/uploads\/2024\/10\/wichi-768x951.jpeg 768w, https:\/\/tangueria.org\/wp-content\/uploads\/2024\/10\/wichi-960x1188.jpeg 960w, https:\/\/tangueria.org\/wp-content\/uploads\/2024\/10\/wichi.jpeg 1240w\" sizes=\"auto, (max-width: 827px) 100vw, 827px\" \/><\/a><\/figure>\n<\/div>\n\n\n<p class=\"has-text-align-center\"><strong>Des \u00e9tudiantes de la classe technique du mouvement<\/strong><\/p>\n\n\n\n<p><\/p>\n\n\n\n<div class=\"text_exposed_show\">\n<div class=\"_5pbx userContent\" data-ft=\"{&quot;tn&quot;:&quot;K&quot;}\">\n<figure><a href=\"https:\/\/tangueria.org\/wp-content\/uploads\/2014\/11\/La-tangueria-Femmes.jpg\"><img loading=\"lazy\" decoding=\"async\" class=\"alignnone size-large wp-image-1529\" src=\"https:\/\/tangueria.org\/wp-content\/uploads\/2014\/11\/La-tangueria-Femmes-1024x576.jpg\" alt=\"La tangueria Femmes\" width=\"940\" height=\"59\"><\/a><\/figure><p style=\"text-align: center;\"><\/p>\n<div class=\"text_exposed_show\">&nbsp;<\/div>\n<\/div>\n<\/div>\n\n\n\n<!--more-->\n\n\n\n<hr class=\"wp-block-separator has-alpha-channel-opacity\"\/>\n\n\n\n<figure class=\"wp-block-image\"><a href=\"https:\/\/tangueria.org\/wp-content\/uploads\/2013\/10\/logoccta.jpg\"><img loading=\"lazy\" decoding=\"async\" width=\"1024\" height=\"1024\" src=\"https:\/\/tangueria.org\/wp-content\/uploads\/2013\/10\/logoccta-1024x1024.jpg\" alt=\"logoccta\" class=\"wp-image-1312\" srcset=\"https:\/\/tangueria.org\/wp-content\/uploads\/2013\/10\/logoccta-1024x1024.jpg 1024w, https:\/\/tangueria.org\/wp-content\/uploads\/2013\/10\/logoccta-150x150.jpg 150w, https:\/\/tangueria.org\/wp-content\/uploads\/2013\/10\/logoccta-300x300.jpg 300w, https:\/\/tangueria.org\/wp-content\/uploads\/2013\/10\/logoccta-960x959.jpg 960w, https:\/\/tangueria.org\/wp-content\/uploads\/2013\/10\/logoccta.jpg 1800w\" sizes=\"auto, (max-width: 1024px) 100vw, 1024px\" \/><\/a><\/figure>\n\n\n\n<p class=\"has-text-align-center\"><strong><\/strong><\/p>\n\n\n\n<p class=\"has-text-align-center\"><span style=\"color: #800000;\"><strong>LA TANGUERIA : UNE INSTITUTION<br>L\u2019histoire de la Tangueria d\u00e9bute en 1991 par l\u2019ouverture d\u2019un Studio de tango sur le boulevard Saint-Laurent.&nbsp;En 1993, le Studio change de nom pour la Tangueria, qui deviendra au fil des ann\u00e9es un lieu culte incontournable dans le milieu du Tango \u00e0 Montr\u00e9al.&nbsp;Elle a form\u00e9 des milliers de personnes au tango argentin et est un des principaux acteurs dans le milieu du Tango.&nbsp;Elle est aussi l&#8217;une des plus anciennes \u00e9coles avec salle de danse de tango argentin en Am\u00e9rique du Nord.<\/strong><\/span><\/p>\n\n\n\n<p><strong><iframe loading=\"lazy\" style=\"border: none; overflow: hidden; width: 600px; height: 590px;\" src=\"\/\/www.facebook.com\/plugins\/likebox.php?href=http%3A%2F%2Fwww.facebook.com%2Ftangodemontreal&amp;width=600&amp;height=590&amp;colorscheme=light&amp;show_faces=true&amp;header=true&amp;stream=true&amp;show_border=true\" width=\"300\" height=\"150\" frameborder=\"0\" scrolling=\"no\"><\/iframe><\/strong><\/p>\n","protected":false},"excerpt":{"rendered":"<p>POUR NOUS REJOINDRE PAR COURRIEL fervor@live.ca \/ laurademontreal@live.frT\u00c9L\u00c9PHONE : 514<span class=\"more-dots\"><a href=\"https:\/\/tangueria.org\/\">[ &#8230; ]<\/span><\/a><\/p>\n","protected":false},"author":1,"featured_media":0,"parent":0,"menu_order":0,"comment_status":"closed","ping_status":"closed","template":"","meta":{"footnotes":""},"class_list":["post-1271","page","type-page","status-publish","hentry"],"yoast_head":"<!-- This site is optimized with the Yoast SEO plugin v27.4 - https:\/\/yoast.com\/product\/yoast-seo-wordpress\/ -->\n<title>Accueil - \u00c9cole de tango Tangueria<\/title>\n<meta name=\"robots\" content=\"index, follow, max-snippet:-1, max-image-preview:large, max-video-preview:-1\" \/>\n<link rel=\"canonical\" href=\"https:\/\/tangueria.org\/\" \/>\n<meta property=\"og:locale\" content=\"en_US\" \/>\n<meta property=\"og:type\" content=\"article\" \/>\n<meta property=\"og:title\" content=\"Accueil - \u00c9cole de tango Tangueria\" \/>\n<meta property=\"og:description\" content=\"POUR NOUS REJOINDRE PAR COURRIEL fervor@live.ca \/ laurademontreal@live.frT\u00c9L\u00c9PHONE : 514[ ... ]\" \/>\n<meta property=\"og:url\" content=\"https:\/\/tangueria.org\/\" \/>\n<meta property=\"og:site_name\" content=\"\u00c9cole de tango Tangueria\" \/>\n<meta property=\"article:modified_time\" content=\"2026-04-08T15:44:27+00:00\" \/>\n<meta property=\"og:image\" content=\"https:\/\/tangueria.org\/wp-content\/uploads\/2026\/03\/IMG_8635.png\" \/>\n\t<meta property=\"og:image:width\" content=\"1080\" \/>\n\t<meta property=\"og:image:height\" content=\"1080\" \/>\n\t<meta property=\"og:image:type\" content=\"image\/png\" \/>\n<meta name=\"twitter:label1\" content=\"Est. reading time\" \/>\n\t<meta name=\"twitter:data1\" content=\"13 minutes\" \/>\n<script type=\"application\/ld+json\" class=\"yoast-schema-graph\">{\"@context\":\"https:\\\/\\\/schema.org\",\"@graph\":[{\"@type\":\"WebPage\",\"@id\":\"https:\\\/\\\/tangueria.org\\\/\",\"url\":\"https:\\\/\\\/tangueria.org\\\/\",\"name\":\"Accueil - \u00c9cole de tango Tangueria\",\"isPartOf\":{\"@id\":\"https:\\\/\\\/tangueria.org\\\/#website\"},\"primaryImageOfPage\":{\"@id\":\"https:\\\/\\\/tangueria.org\\\/#primaryimage\"},\"image\":{\"@id\":\"https:\\\/\\\/tangueria.org\\\/#primaryimage\"},\"thumbnailUrl\":\"https:\\\/\\\/tangueria.org\\\/wp-content\\\/uploads\\\/2026\\\/03\\\/IMG_8635-1024x1024.png\",\"datePublished\":\"2014-12-01T02:45:14+00:00\",\"dateModified\":\"2026-04-08T15:44:27+00:00\",\"breadcrumb\":{\"@id\":\"https:\\\/\\\/tangueria.org\\\/#breadcrumb\"},\"inLanguage\":\"en-US\",\"potentialAction\":[{\"@type\":\"ReadAction\",\"target\":[\"https:\\\/\\\/tangueria.org\\\/\"]}]},{\"@type\":\"ImageObject\",\"inLanguage\":\"en-US\",\"@id\":\"https:\\\/\\\/tangueria.org\\\/#primaryimage\",\"url\":\"https:\\\/\\\/tangueria.org\\\/wp-content\\\/uploads\\\/2026\\\/03\\\/IMG_8635.png\",\"contentUrl\":\"https:\\\/\\\/tangueria.org\\\/wp-content\\\/uploads\\\/2026\\\/03\\\/IMG_8635.png\",\"width\":1080,\"height\":1080},{\"@type\":\"BreadcrumbList\",\"@id\":\"https:\\\/\\\/tangueria.org\\\/#breadcrumb\",\"itemListElement\":[{\"@type\":\"ListItem\",\"position\":1,\"name\":\"Accueil\",\"item\":\"https:\\\/\\\/tangueria.org\\\/\"},{\"@type\":\"ListItem\",\"position\":2,\"name\":\"Accueil\"}]},{\"@type\":\"WebSite\",\"@id\":\"https:\\\/\\\/tangueria.org\\\/#website\",\"url\":\"https:\\\/\\\/tangueria.org\\\/\",\"name\":\"\u00c9cole de tango Tangueria\",\"description\":\"\",\"potentialAction\":[{\"@type\":\"SearchAction\",\"target\":{\"@type\":\"EntryPoint\",\"urlTemplate\":\"https:\\\/\\\/tangueria.org\\\/?s={search_term_string}\"},\"query-input\":{\"@type\":\"PropertyValueSpecification\",\"valueRequired\":true,\"valueName\":\"search_term_string\"}}],\"inLanguage\":\"en-US\"}]}<\/script>\n<!-- \/ Yoast SEO plugin. -->","yoast_head_json":{"title":"Accueil - \u00c9cole de tango Tangueria","robots":{"index":"index","follow":"follow","max-snippet":"max-snippet:-1","max-image-preview":"max-image-preview:large","max-video-preview":"max-video-preview:-1"},"canonical":"https:\/\/tangueria.org\/","og_locale":"en_US","og_type":"article","og_title":"Accueil - \u00c9cole de tango Tangueria","og_description":"POUR NOUS REJOINDRE PAR COURRIEL fervor@live.ca \/ laurademontreal@live.frT\u00c9L\u00c9PHONE : 514[ ... ]","og_url":"https:\/\/tangueria.org\/","og_site_name":"\u00c9cole de tango Tangueria","article_modified_time":"2026-04-08T15:44:27+00:00","og_image":[{"width":1080,"height":1080,"url":"https:\/\/tangueria.org\/wp-content\/uploads\/2026\/03\/IMG_8635.png","type":"image\/png"}],"twitter_misc":{"Est. reading time":"13 minutes"},"schema":{"@context":"https:\/\/schema.org","@graph":[{"@type":"WebPage","@id":"https:\/\/tangueria.org\/","url":"https:\/\/tangueria.org\/","name":"Accueil - \u00c9cole de tango Tangueria","isPartOf":{"@id":"https:\/\/tangueria.org\/#website"},"primaryImageOfPage":{"@id":"https:\/\/tangueria.org\/#primaryimage"},"image":{"@id":"https:\/\/tangueria.org\/#primaryimage"},"thumbnailUrl":"https:\/\/tangueria.org\/wp-content\/uploads\/2026\/03\/IMG_8635-1024x1024.png","datePublished":"2014-12-01T02:45:14+00:00","dateModified":"2026-04-08T15:44:27+00:00","breadcrumb":{"@id":"https:\/\/tangueria.org\/#breadcrumb"},"inLanguage":"en-US","potentialAction":[{"@type":"ReadAction","target":["https:\/\/tangueria.org\/"]}]},{"@type":"ImageObject","inLanguage":"en-US","@id":"https:\/\/tangueria.org\/#primaryimage","url":"https:\/\/tangueria.org\/wp-content\/uploads\/2026\/03\/IMG_8635.png","contentUrl":"https:\/\/tangueria.org\/wp-content\/uploads\/2026\/03\/IMG_8635.png","width":1080,"height":1080},{"@type":"BreadcrumbList","@id":"https:\/\/tangueria.org\/#breadcrumb","itemListElement":[{"@type":"ListItem","position":1,"name":"Accueil","item":"https:\/\/tangueria.org\/"},{"@type":"ListItem","position":2,"name":"Accueil"}]},{"@type":"WebSite","@id":"https:\/\/tangueria.org\/#website","url":"https:\/\/tangueria.org\/","name":"\u00c9cole de tango Tangueria","description":"","potentialAction":[{"@type":"SearchAction","target":{"@type":"EntryPoint","urlTemplate":"https:\/\/tangueria.org\/?s={search_term_string}"},"query-input":{"@type":"PropertyValueSpecification","valueRequired":true,"valueName":"search_term_string"}}],"inLanguage":"en-US"}]}},"_links":{"self":[{"href":"https:\/\/tangueria.org\/index.php?rest_route=\/wp\/v2\/pages\/1271","targetHints":{"allow":["GET"]}}],"collection":[{"href":"https:\/\/tangueria.org\/index.php?rest_route=\/wp\/v2\/pages"}],"about":[{"href":"https:\/\/tangueria.org\/index.php?rest_route=\/wp\/v2\/types\/page"}],"author":[{"embeddable":true,"href":"https:\/\/tangueria.org\/index.php?rest_route=\/wp\/v2\/users\/1"}],"replies":[{"embeddable":true,"href":"https:\/\/tangueria.org\/index.php?rest_route=%2Fwp%2Fv2%2Fcomments&post=1271"}],"version-history":[{"count":1054,"href":"https:\/\/tangueria.org\/index.php?rest_route=\/wp\/v2\/pages\/1271\/revisions"}],"predecessor-version":[{"id":4730,"href":"https:\/\/tangueria.org\/index.php?rest_route=\/wp\/v2\/pages\/1271\/revisions\/4730"}],"wp:attachment":[{"href":"https:\/\/tangueria.org\/index.php?rest_route=%2Fwp%2Fv2%2Fmedia&parent=1271"}],"curies":[{"name":"wp","href":"https:\/\/api.w.org\/{rel}","templated":true}]}}